{"id":45,"date":"2022-03-28T16:55:45","date_gmt":"2022-03-28T16:55:45","guid":{"rendered":"http:\/\/hopeandjusticefoundation.com\/?page_id=45"},"modified":"2022-09-19T16:34:55","modified_gmt":"2022-09-19T19:34:55","slug":"agenda","status":"publish","type":"page","link":"https:\/\/hopeandjusticefoundation.com\/pt\/agenda\/","title":{"rendered":"AGENDA"},"content":{"rendered":"<div data-elementor-type=\"wp-page\" data-elementor-id=\"45\" class=\"elementor elementor-45\" data-elementor-post-type=\"page\">\n\t\t\t\t\t\t<section class=\"elementor-section elementor-top-section elementor-element elementor-element-0ec347b secbranca elementor-section-boxed elementor-section-height-default elementor-section-height-default\" data-id=\"0ec347b\" data-element_type=\"section\">\n\t\t\t\t\t\t<div class=\"elementor-container elementor-column-gap-default\">\n\t\t\t\t\t<div class=\"elementor-column elementor-col-100 elementor-top-column elementor-element elementor-element-70eae33\" data-id=\"70eae33\" data-element_type=\"column\">\n\t\t\t<div class=\"elementor-widget-wrap elementor-element-populated\">\n\t\t\t\t\t\t<div class=\"elementor-element elementor-element-16734ed elementor-widget elementor-widget-heading\" data-id=\"16734ed\" data-element_type=\"widget\" data-widget_type=\"heading.default\">\n\t\t\t\t<div class=\"elementor-widget-container\">\n\t\t\t\t\t<h2 class=\"elementor-heading-title elementor-size-default\">Hope &amp; Justice Day<\/h2>\t\t\t\t<\/div>\n\t\t\t\t<\/div>\n\t\t\t\t<div class=\"elementor-element elementor-element-86ffb7c elementor-position-left elementor-view-default elementor-mobile-position-top elementor-widget elementor-widget-icon-box\" data-id=\"86ffb7c\" data-element_type=\"widget\" data-widget_type=\"icon-box.default\">\n\t\t\t\t<div class=\"elementor-widget-container\">\n\t\t\t\t\t\t\t<div class=\"elementor-icon-box-wrapper\">\n\n\t\t\t\t\t\t<div class=\"elementor-icon-box-icon\">\n\t\t\t\t<span  class=\"elementor-icon\">\n\t\t\t\t<i aria-hidden=\"true\" class=\"far fa-calendar-check\"><\/i>\t\t\t\t<\/span>\n\t\t\t<\/div>\n\t\t\t\n\t\t\t\t\t\t<div class=\"elementor-icon-box-content\">\n\n\t\t\t\t\t\t\t\t\t<h3 class=\"elementor-icon-box-title\">\n\t\t\t\t\t\t<span  >\n\t\t\t\t\t\t\tQuarta, 7 de setembro de 2022\t\t\t\t\t\t<\/span>\n\t\t\t\t\t<\/h3>\n\t\t\t\t\n\t\t\t\t\t\t\t\t\t<p class=\"elementor-icon-box-description\">\n\t\t\t\t\t\t<b><i class=\"fa fa-map-marker\"><\/i>Tony\u2019s Brazilian Grill, 11h da manh\u00e3<\/b> \n<br>\nProclama\u00e7\u00e3o da Hope &amp; Justice Day\t\t\t\t\t<\/p>\n\t\t\t\t\n\t\t\t<\/div>\n\t\t\t\n\t\t<\/div>\n\t\t\t\t\t\t<\/div>\n\t\t\t\t<\/div>\n\t\t\t\t<div class=\"elementor-element elementor-element-bd74665 elementor-position-left elementor-view-default elementor-mobile-position-top elementor-widget elementor-widget-icon-box\" data-id=\"bd74665\" data-element_type=\"widget\" data-widget_type=\"icon-box.default\">\n\t\t\t\t<div class=\"elementor-widget-container\">\n\t\t\t\t\t\t\t<div class=\"elementor-icon-box-wrapper\">\n\n\t\t\t\t\t\t<div class=\"elementor-icon-box-icon\">\n\t\t\t\t<span  class=\"elementor-icon\">\n\t\t\t\t<i aria-hidden=\"true\" class=\"far fa-calendar-check\"><\/i>\t\t\t\t<\/span>\n\t\t\t<\/div>\n\t\t\t\n\t\t\t\t\t\t<div class=\"elementor-icon-box-content\">\n\n\t\t\t\t\t\t\t\t\t<h3 class=\"elementor-icon-box-title\">\n\t\t\t\t\t\t<span  >\n\t\t\t\t\t\t\tQuinta, 8 de setembro de 2022\t\t\t\t\t\t<\/span>\n\t\t\t\t\t<\/h3>\n\t\t\t\t\n\t\t\t\t\t\t\t\t\t<p class=\"elementor-icon-box-description\">\n\t\t\t\t\t\t<b><i class=\"fa fa-map-marker\"><\/i>Hope &amp; Justice Foundation Headquarter, 11 am<\/b>\n<br>\nBrunch de lan\u00e7amento da Campanha do Sinal Vermelho contra a viol\u00eancia dom\u00e9stica. Menu assinado pela chef Camila Barquete\t\t\t\t\t<\/p>\n\t\t\t\t\n\t\t\t<\/div>\n\t\t\t\n\t\t<\/div>\n\t\t\t\t\t\t<\/div>\n\t\t\t\t<\/div>\n\t\t\t\t<div class=\"elementor-element elementor-element-7358a29 elementor-position-left elementor-view-default elementor-mobile-position-top elementor-widget elementor-widget-icon-box\" data-id=\"7358a29\" data-element_type=\"widget\" data-widget_type=\"icon-box.default\">\n\t\t\t\t<div class=\"elementor-widget-container\">\n\t\t\t\t\t\t\t<div class=\"elementor-icon-box-wrapper\">\n\n\t\t\t\t\t\t<div class=\"elementor-icon-box-icon\">\n\t\t\t\t<span  class=\"elementor-icon\">\n\t\t\t\t<i aria-hidden=\"true\" class=\"far fa-calendar-check\"><\/i>\t\t\t\t<\/span>\n\t\t\t<\/div>\n\t\t\t\n\t\t\t\t\t\t<div class=\"elementor-icon-box-content\">\n\n\t\t\t\t\t\t\t\t\t<h3 class=\"elementor-icon-box-title\">\n\t\t\t\t\t\t<span  >\n\t\t\t\t\t\t\tSexta, 9 de setembro de 2022\t\t\t\t\t\t<\/span>\n\t\t\t\t\t<\/h3>\n\t\t\t\t\n\t\t\t\t\t\t\t\t\t<p class=\"elementor-icon-box-description\">\n\t\t\t\t\t\t<b><i class=\"fa fa-map-marker\"><\/i>The Meating Point \u2013 Magic Village, 20h<\/b>\n<br>\nJantar de Gala de Arrecada\u00e7\u00e3o com Leil\u00f5es de Obras de artistas como Pierre Britt, Sadhana Bru\u00e7\u00f3 e Cris Motta.\n\n- Convidada: Luiza Brunet\n- Menu assinado pelo Chef Fabiano Olmo\n- Decora\u00e7\u00e3o de Janine Closs\n- Show com Nico Rezende\t\t\t\t\t<\/p>\n\t\t\t\t\n\t\t\t<\/div>\n\t\t\t\n\t\t<\/div>\n\t\t\t\t\t\t<\/div>\n\t\t\t\t<\/div>\n\t\t\t\t<div class=\"elementor-element elementor-element-5eb96e6 elementor-widget elementor-widget-button\" data-id=\"5eb96e6\" data-element_type=\"widget\" data-widget_type=\"button.default\">\n\t\t\t\t<div class=\"elementor-widget-container\">\n\t\t\t\t\t\t\t\t\t<div class=\"elementor-button-wrapper\">\n\t\t\t\t\t<a class=\"elementor-button elementor-button-link elementor-size-md\" href=\"https:\/\/hopeandjusticefoundation.com\/pt\/hj-day-2022\/\" target=\"_blank\">\n\t\t\t\t\t\t<span class=\"elementor-button-content-wrapper\">\n\t\t\t\t\t\t\t\t\t<span class=\"elementor-button-text\">H&amp;J Day 2022 Photos<\/span>\n\t\t\t\t\t<\/span>\n\t\t\t\t\t<\/a>\n\t\t\t\t<\/div>\n\t\t\t\t\t\t\t\t<\/div>\n\t\t\t\t<\/div>\n\t\t\t\t\t<\/div>\n\t\t<\/div>\n\t\t\t\t\t<\/div>\n\t\t<\/section>\n\t\t\t\t<section class=\"elementor-section elementor-top-section elementor-element elementor-element-8d3944a elementor-section-boxed elementor-section-height-default elementor-section-height-default\" data-id=\"8d3944a\" data-element_type=\"section\">\n\t\t\t\t\t\t<div class=\"elementor-container elementor-column-gap-default\">\n\t\t\t\t\t<div class=\"elementor-column elementor-col-100 elementor-top-column elementor-element elementor-element-b7b355d\" data-id=\"b7b355d\" data-element_type=\"column\">\n\t\t\t<div class=\"elementor-widget-wrap elementor-element-populated\">\n\t\t\t\t\t\t<div class=\"elementor-element elementor-element-b53dd11 elementor-widget elementor-widget-heading\" data-id=\"b53dd11\" data-element_type=\"widget\" data-widget_type=\"heading.default\">\n\t\t\t\t<div class=\"elementor-widget-container\">\n\t\t\t\t\t<h2 class=\"elementor-heading-title elementor-size-default\">Mais informa\u00e7\u00f5es:<\/h2>\t\t\t\t<\/div>\n\t\t\t\t<\/div>\n\t\t\t\t<div class=\"elementor-element elementor-element-07832e0 elementor-position-left elementor-view-default elementor-mobile-position-top elementor-widget elementor-widget-icon-box\" data-id=\"07832e0\" data-element_type=\"widget\" data-widget_type=\"icon-box.default\">\n\t\t\t\t<div class=\"elementor-widget-container\">\n\t\t\t\t\t\t\t<div class=\"elementor-icon-box-wrapper\">\n\n\t\t\t\t\t\t<div class=\"elementor-icon-box-icon\">\n\t\t\t\t<a href=\"https:\/\/hopeandjusticeartfreedom.com\" target=\"_blank\" class=\"elementor-icon\" tabindex=\"-1\" aria-label=\"Hope &amp; Justice Art Freedom:\">\n\t\t\t\t<i aria-hidden=\"true\" class=\"fas fa-external-link-alt\"><\/i>\t\t\t\t<\/a>\n\t\t\t<\/div>\n\t\t\t\n\t\t\t\t\t\t<div class=\"elementor-icon-box-content\">\n\n\t\t\t\t\t\t\t\t\t<h3 class=\"elementor-icon-box-title\">\n\t\t\t\t\t\t<a href=\"https:\/\/hopeandjusticeartfreedom.com\" target=\"_blank\" >\n\t\t\t\t\t\t\tHope &amp; Justice Art Freedom:\t\t\t\t\t\t<\/a>\n\t\t\t\t\t<\/h3>\n\t\t\t\t\n\t\t\t\t\t\t\t\t\t<p class=\"elementor-icon-box-description\">\n\t\t\t\t\t\t<a href=\"https:\/\/hopeandjusticeartfreedom.com\"><b>https:\/\/hopeandjusticeartfreedom.com<\/b><\/a>\t\t\t\t\t<\/p>\n\t\t\t\t\n\t\t\t<\/div>\n\t\t\t\n\t\t<\/div>\n\t\t\t\t\t\t<\/div>\n\t\t\t\t<\/div>\n\t\t\t\t<div class=\"elementor-element elementor-element-5cd4a7d elementor-position-left elementor-view-default elementor-mobile-position-top elementor-widget elementor-widget-icon-box\" data-id=\"5cd4a7d\" data-element_type=\"widget\" data-widget_type=\"icon-box.default\">\n\t\t\t\t<div class=\"elementor-widget-container\">\n\t\t\t\t\t\t\t<div class=\"elementor-icon-box-wrapper\">\n\n\t\t\t\t\t\t<div class=\"elementor-icon-box-icon\">\n\t\t\t\t<a href=\"https:\/\/hopeandjusticeday.com\/\" target=\"_blank\" class=\"elementor-icon\" tabindex=\"-1\" aria-label=\"Hope &amp; Justice Day:\">\n\t\t\t\t<i aria-hidden=\"true\" class=\"fas fa-external-link-alt\"><\/i>\t\t\t\t<\/a>\n\t\t\t<\/div>\n\t\t\t\n\t\t\t\t\t\t<div class=\"elementor-icon-box-content\">\n\n\t\t\t\t\t\t\t\t\t<h3 class=\"elementor-icon-box-title\">\n\t\t\t\t\t\t<a href=\"https:\/\/hopeandjusticeday.com\/\" target=\"_blank\" >\n\t\t\t\t\t\t\tHope &amp; Justice Day:\t\t\t\t\t\t<\/a>\n\t\t\t\t\t<\/h3>\n\t\t\t\t\n\t\t\t\t\t\t\t\t\t<p class=\"elementor-icon-box-description\">\n\t\t\t\t\t\t<a href=\"https:\/\/hopeandjusticeday.com\/\"><b>https:\/\/hopeandjusticeday.com\/<\/b><\/a>\t\t\t\t\t<\/p>\n\t\t\t\t\n\t\t\t<\/div>\n\t\t\t\n\t\t<\/div>\n\t\t\t\t\t\t<\/div>\n\t\t\t\t<\/div>\n\t\t\t\t\t<\/div>\n\t\t<\/div>\n\t\t\t\t\t<\/div>\n\t\t<\/section>\n\t\t\t\t<section class=\"elementor-section elementor-top-section elementor-element elementor-element-190a0db secbranca elementor-section-boxed elementor-section-height-default elementor-section-height-default\" data-id=\"190a0db\" data-element_type=\"section\">\n\t\t\t\t\t\t<div class=\"elementor-container elementor-column-gap-default\">\n\t\t\t\t\t<div class=\"elementor-column elementor-col-100 elementor-top-column elementor-element elementor-element-76556c5\" data-id=\"76556c5\" data-element_type=\"column\">\n\t\t\t<div class=\"elementor-widget-wrap elementor-element-populated\">\n\t\t\t\t\t\t<div class=\"elementor-element elementor-element-4e50f2c elementor-widget elementor-widget-heading\" data-id=\"4e50f2c\" data-element_type=\"widget\" data-widget_type=\"heading.default\">\n\t\t\t\t<div class=\"elementor-widget-container\">\n\t\t\t\t\t<h2 class=\"elementor-heading-title elementor-size-default\">Hope &amp; Justice Programs<\/h2>\t\t\t\t<\/div>\n\t\t\t\t<\/div>\n\t\t\t\t<div class=\"elementor-element elementor-element-b51f5ad elementor-position-left elementor-view-default elementor-mobile-position-top elementor-widget elementor-widget-icon-box\" data-id=\"b51f5ad\" data-element_type=\"widget\" data-widget_type=\"icon-box.default\">\n\t\t\t\t<div class=\"elementor-widget-container\">\n\t\t\t\t\t\t\t<div class=\"elementor-icon-box-wrapper\">\n\n\t\t\t\t\t\t<div class=\"elementor-icon-box-icon\">\n\t\t\t\t<span  class=\"elementor-icon\">\n\t\t\t\t<i aria-hidden=\"true\" class=\"fas fa-female\"><\/i>\t\t\t\t<\/span>\n\t\t\t<\/div>\n\t\t\t\n\t\t\t\t\t\t<div class=\"elementor-icon-box-content\">\n\n\t\t\t\t\t\t\t\t\t<h3 class=\"elementor-icon-box-title\">\n\t\t\t\t\t\t<span  >\n\t\t\t\t\t\t\tPROGRAMA GAMVV - GRUPO DE APOIO \u00c0 MULHERES V\u00cdTIMAS DE VIOL\u00caNCIA\t\t\t\t\t\t<\/span>\n\t\t\t\t\t<\/h3>\n\t\t\t\t\n\t\t\t\t\t\t\t\t\t<p class=\"elementor-icon-box-description\">\n\t\t\t\t\t\tPrimeiras segundas-feiras do m\u00eas. 10am - 12pm\t\t\t\t\t<\/p>\n\t\t\t\t\n\t\t\t<\/div>\n\t\t\t\n\t\t<\/div>\n\t\t\t\t\t\t<\/div>\n\t\t\t\t<\/div>\n\t\t\t\t<div class=\"elementor-element elementor-element-f441829 elementor-position-left elementor-view-default elementor-mobile-position-top elementor-widget elementor-widget-icon-box\" data-id=\"f441829\" data-element_type=\"widget\" data-widget_type=\"icon-box.default\">\n\t\t\t\t<div class=\"elementor-widget-container\">\n\t\t\t\t\t\t\t<div class=\"elementor-icon-box-wrapper\">\n\n\t\t\t\t\t\t<div class=\"elementor-icon-box-icon\">\n\t\t\t\t<span  class=\"elementor-icon\">\n\t\t\t\t<i aria-hidden=\"true\" class=\"far fa-check-circle\"><\/i>\t\t\t\t<\/span>\n\t\t\t<\/div>\n\t\t\t\n\t\t\t\t\t\t<div class=\"elementor-icon-box-content\">\n\n\t\t\t\t\t\t\t\t\t<h3 class=\"elementor-icon-box-title\">\n\t\t\t\t\t\t<span  >\n\t\t\t\t\t\t\tPROGRAMA KOINONIA\t\t\t\t\t\t<\/span>\n\t\t\t\t\t<\/h3>\n\t\t\t\t\n\t\t\t\t\t\t\t\t\t<p class=\"elementor-icon-box-description\">\n\t\t\t\t\t\tPenultimas quintas-feiras do m\u00eas. 6pm - 9pm\t\t\t\t\t<\/p>\n\t\t\t\t\n\t\t\t<\/div>\n\t\t\t\n\t\t<\/div>\n\t\t\t\t\t\t<\/div>\n\t\t\t\t<\/div>\n\t\t\t\t<div class=\"elementor-element elementor-element-440d6cb elementor-position-left elementor-view-default elementor-mobile-position-top elementor-widget elementor-widget-icon-box\" data-id=\"440d6cb\" data-element_type=\"widget\" data-widget_type=\"icon-box.default\">\n\t\t\t\t<div class=\"elementor-widget-container\">\n\t\t\t\t\t\t\t<div class=\"elementor-icon-box-wrapper\">\n\n\t\t\t\t\t\t<div class=\"elementor-icon-box-icon\">\n\t\t\t\t<span  class=\"elementor-icon\">\n\t\t\t\t<i aria-hidden=\"true\" class=\"far fa-check-circle\"><\/i>\t\t\t\t<\/span>\n\t\t\t<\/div>\n\t\t\t\n\t\t\t\t\t\t<div class=\"elementor-icon-box-content\">\n\n\t\t\t\t\t\t\t\t\t<h3 class=\"elementor-icon-box-title\">\n\t\t\t\t\t\t<span  >\n\t\t\t\t\t\t\tPROGRAMA EDUPREV - TREINAMENTO SINAIS DO TR\u00c1FICO HUMANO - PREVEN\u00c7\u00c3O E COMBATE AO TR\u00c1FICO HUMANO\t\t\t\t\t\t<\/span>\n\t\t\t\t\t<\/h3>\n\t\t\t\t\n\t\t\t\t\t\t\t\t\t<p class=\"elementor-icon-box-description\">\n\t\t\t\t\t\t\u00daltimas segundas-feiras do m\u00eas. 6pm - 9pm\t\t\t\t\t<\/p>\n\t\t\t\t\n\t\t\t<\/div>\n\t\t\t\n\t\t<\/div>\n\t\t\t\t\t\t<\/div>\n\t\t\t\t<\/div>\n\t\t\t\t<div class=\"elementor-element elementor-element-5aec982 elementor-position-left elementor-view-default elementor-mobile-position-top elementor-widget elementor-widget-icon-box\" data-id=\"5aec982\" data-element_type=\"widget\" data-widget_type=\"icon-box.default\">\n\t\t\t\t<div class=\"elementor-widget-container\">\n\t\t\t\t\t\t\t<div class=\"elementor-icon-box-wrapper\">\n\n\t\t\t\t\t\t<div class=\"elementor-icon-box-icon\">\n\t\t\t\t<span  class=\"elementor-icon\">\n\t\t\t\t<i aria-hidden=\"true\" class=\"fas fa-calendar-alt\"><\/i>\t\t\t\t<\/span>\n\t\t\t<\/div>\n\t\t\t\n\t\t\t\t\t\t<div class=\"elementor-icon-box-content\">\n\n\t\t\t\t\t\t\t\t\t<h3 class=\"elementor-icon-box-title\">\n\t\t\t\t\t\t<span  >\n\t\t\t\t\t\t\tPROGRAMA TAKING CARE - SUPORTE PSICOL\u00d3GICO, ACONSELHAMENTO, SA\u00daDE INTEGRATIVA, ORIENTA\u00c7\u00c3O E APOIO JUR\u00cdDICO.\t\t\t\t\t\t<\/span>\n\t\t\t\t\t<\/h3>\n\t\t\t\t\n\t\t\t\t\t\t\t\t\t<p class=\"elementor-icon-box-description\">\n\t\t\t\t\t\tSegunda-feira \u00e0 Sexta-feira. Por agendamento.\t\t\t\t\t<\/p>\n\t\t\t\t\n\t\t\t<\/div>\n\t\t\t\n\t\t<\/div>\n\t\t\t\t\t\t<\/div>\n\t\t\t\t<\/div>\n\t\t\t\t\t<\/div>\n\t\t<\/div>\n\t\t\t\t\t<\/div>\n\t\t<\/section>\n\t\t\t\t<\/div>","protected":false},"excerpt":{"rendered":"<p>Hope &#038; Justice Day Wednesday, September 7th, 2022 Tony\u2019s Brazilian Grill, 11 am Hope &amp; Justice Day proclamation Thursday, September 8th, 2022 Hope &#038; Justice Foundation Headquarter, 11 am Brunch and Launch of the Red Sign Campaign Against Domestic Violence. Menu by Chef Camila Barquete Friday, September 9th, 2022 The Meating Point \u2013 Magic Village, &hellip; <\/p>\n<p class=\"link-more\"><a href=\"https:\/\/hopeandjusticefoundation.com\/pt\/agenda\/\" class=\"more-link\">Continue lendo<span class=\"screen-reader-text\"> &#8220;AGENDA&#8221;<\/span><\/a><\/p>","protected":false},"author":1,"featured_media":0,"parent":0,"menu_order":0,"comment_status":"closed","ping_status":"closed","template":"elementor_header_footer","meta":{"footnotes":""},"class_list":["post-45","page","type-page","status-publish","hentry"],"aioseo_notices":[],"yoast_head":"<!-- This site is optimized with the Yoast SEO plugin v26.5 - https:\/\/yoast.com\/wordpress\/plugins\/seo\/ -->\n<title>AGENDA - Hope &amp; Justice Foundation<\/title>\n<meta name=\"robots\" content=\"index, follow, max-snippet:-1, max-image-preview:large, max-video-preview:-1\" \/>\n<link rel=\"canonical\" href=\"https:\/\/hopeandjusticefoundation.com\/pt\/agenda\/\" \/>\n<meta property=\"og:locale\" content=\"pt_BR\" \/>\n<meta property=\"og:type\" content=\"article\" \/>\n<meta property=\"og:title\" content=\"AGENDA - Hope &amp; Justice Foundation\" \/>\n<meta property=\"og:description\" content=\"Hope &#038; Justice Day Wednesday, September 7th, 2022 Tony\u2019s Brazilian Grill, 11 am Hope &amp; Justice Day proclamation Thursday, September 8th, 2022 Hope &#038; Justice Foundation Headquarter, 11 am Brunch and Launch of the Red Sign Campaign Against Domestic Violence. Menu by Chef Camila Barquete Friday, September 9th, 2022 The Meating Point \u2013 Magic Village, &hellip; Continue lendo &quot;AGENDA&quot;\" \/>\n<meta property=\"og:url\" content=\"https:\/\/hopeandjusticefoundation.com\/pt\/agenda\/\" \/>\n<meta property=\"og:site_name\" content=\"Hope &amp; Justice Foundation\" \/>\n<meta property=\"article:modified_time\" content=\"2022-09-19T19:34:55+00:00\" \/>\n<meta property=\"og:image\" content=\"https:\/\/hopeandjusticefoundation.com\/wp-content\/uploads\/2022\/05\/shareimage.jpg\" \/>\n\t<meta property=\"og:image:width\" content=\"1057\" \/>\n\t<meta property=\"og:image:height\" content=\"962\" \/>\n\t<meta property=\"og:image:type\" content=\"image\/jpeg\" \/>\n<meta name=\"twitter:card\" content=\"summary_large_image\" \/>\n<meta name=\"twitter:label1\" content=\"Est. tempo de leitura\" \/>\n\t<meta name=\"twitter:data1\" content=\"1 minuto\" \/>\n<script type=\"application\/ld+json\" class=\"yoast-schema-graph\">{\"@context\":\"https:\/\/schema.org\",\"@graph\":[{\"@type\":\"WebPage\",\"@id\":\"https:\/\/hopeandjusticefoundation.com\/agenda\/\",\"url\":\"https:\/\/hopeandjusticefoundation.com\/agenda\/\",\"name\":\"AGENDA - Hope &amp; Justice Foundation\",\"isPartOf\":{\"@id\":\"https:\/\/hopeandjusticefoundation.com\/#website\"},\"datePublished\":\"2022-03-28T16:55:45+00:00\",\"dateModified\":\"2022-09-19T19:34:55+00:00\",\"breadcrumb\":{\"@id\":\"https:\/\/hopeandjusticefoundation.com\/agenda\/#breadcrumb\"},\"inLanguage\":\"pt-BR\",\"potentialAction\":[{\"@type\":\"ReadAction\",\"target\":[\"https:\/\/hopeandjusticefoundation.com\/agenda\/\"]}]},{\"@type\":\"BreadcrumbList\",\"@id\":\"https:\/\/hopeandjusticefoundation.com\/agenda\/#breadcrumb\",\"itemListElement\":[{\"@type\":\"ListItem\",\"position\":1,\"name\":\"In\u00edcio\",\"item\":\"https:\/\/hopeandjusticefoundation.com\/\"},{\"@type\":\"ListItem\",\"position\":2,\"name\":\"AGENDA\"}]},{\"@type\":\"WebSite\",\"@id\":\"https:\/\/hopeandjusticefoundation.com\/#website\",\"url\":\"https:\/\/hopeandjusticefoundation.com\/\",\"name\":\"Hope &amp; Justice Foundation\",\"description\":\"Combate ao tr\u00e1fico humano - hope &amp; justice\",\"publisher\":{\"@id\":\"https:\/\/hopeandjusticefoundation.com\/#organization\"},\"potentialAction\":[{\"@type\":\"SearchAction\",\"target\":{\"@type\":\"EntryPoint\",\"urlTemplate\":\"https:\/\/hopeandjusticefoundation.com\/?s={search_term_string}\"},\"query-input\":{\"@type\":\"PropertyValueSpecification\",\"valueRequired\":true,\"valueName\":\"search_term_string\"}}],\"inLanguage\":\"pt-BR\"},{\"@type\":\"Organization\",\"@id\":\"https:\/\/hopeandjusticefoundation.com\/#organization\",\"name\":\"Hope &amp; Justice Foundation\",\"url\":\"https:\/\/hopeandjusticefoundation.com\/\",\"logo\":{\"@type\":\"ImageObject\",\"inLanguage\":\"pt-BR\",\"@id\":\"https:\/\/hopeandjusticefoundation.com\/#\/schema\/logo\/image\/\",\"url\":\"https:\/\/hopeandjusticefoundation.com\/wp-content\/uploads\/2022\/03\/logo-hope-justice-new.png\",\"contentUrl\":\"https:\/\/hopeandjusticefoundation.com\/wp-content\/uploads\/2022\/03\/logo-hope-justice-new.png\",\"width\":500,\"height\":500,\"caption\":\"Hope &amp; Justice Foundation\"},\"image\":{\"@id\":\"https:\/\/hopeandjusticefoundation.com\/#\/schema\/logo\/image\/\"}}]}<\/script>\n<!-- \/ Yoast SEO plugin. -->","yoast_head_json":{"title":"AGENDA - Hope &amp; Justice Foundation","robots":{"index":"index","follow":"follow","max-snippet":"max-snippet:-1","max-image-preview":"max-image-preview:large","max-video-preview":"max-video-preview:-1"},"canonical":"https:\/\/hopeandjusticefoundation.com\/pt\/agenda\/","og_locale":"pt_BR","og_type":"article","og_title":"AGENDA - Hope &amp; Justice Foundation","og_description":"Hope &#038; Justice Day Wednesday, September 7th, 2022 Tony\u2019s Brazilian Grill, 11 am Hope &amp; Justice Day proclamation Thursday, September 8th, 2022 Hope &#038; Justice Foundation Headquarter, 11 am Brunch and Launch of the Red Sign Campaign Against Domestic Violence. Menu by Chef Camila Barquete Friday, September 9th, 2022 The Meating Point \u2013 Magic Village, &hellip; Continue lendo \"AGENDA\"","og_url":"https:\/\/hopeandjusticefoundation.com\/pt\/agenda\/","og_site_name":"Hope &amp; Justice Foundation","article_modified_time":"2022-09-19T19:34:55+00:00","og_image":[{"width":1057,"height":962,"url":"https:\/\/hopeandjusticefoundation.com\/wp-content\/uploads\/2022\/05\/shareimage.jpg","type":"image\/jpeg"}],"twitter_card":"summary_large_image","twitter_misc":{"Est. tempo de leitura":"1 minuto"},"schema":{"@context":"https:\/\/schema.org","@graph":[{"@type":"WebPage","@id":"https:\/\/hopeandjusticefoundation.com\/agenda\/","url":"https:\/\/hopeandjusticefoundation.com\/agenda\/","name":"AGENDA - Hope &amp; Justice Foundation","isPartOf":{"@id":"https:\/\/hopeandjusticefoundation.com\/#website"},"datePublished":"2022-03-28T16:55:45+00:00","dateModified":"2022-09-19T19:34:55+00:00","breadcrumb":{"@id":"https:\/\/hopeandjusticefoundation.com\/agenda\/#breadcrumb"},"inLanguage":"pt-BR","potentialAction":[{"@type":"ReadAction","target":["https:\/\/hopeandjusticefoundation.com\/agenda\/"]}]},{"@type":"BreadcrumbList","@id":"https:\/\/hopeandjusticefoundation.com\/agenda\/#breadcrumb","itemListElement":[{"@type":"ListItem","position":1,"name":"In\u00edcio","item":"https:\/\/hopeandjusticefoundation.com\/"},{"@type":"ListItem","position":2,"name":"AGENDA"}]},{"@type":"WebSite","@id":"https:\/\/hopeandjusticefoundation.com\/#website","url":"https:\/\/hopeandjusticefoundation.com\/","name":"Hope &amp; Justice Foundation","description":"Combate ao tr\u00e1fico humano - hope &amp; justice","publisher":{"@id":"https:\/\/hopeandjusticefoundation.com\/#organization"},"potentialAction":[{"@type":"SearchAction","target":{"@type":"EntryPoint","urlTemplate":"https:\/\/hopeandjusticefoundation.com\/?s={search_term_string}"},"query-input":{"@type":"PropertyValueSpecification","valueRequired":true,"valueName":"search_term_string"}}],"inLanguage":"pt-BR"},{"@type":"Organization","@id":"https:\/\/hopeandjusticefoundation.com\/#organization","name":"Hope &amp; Justice Foundation","url":"https:\/\/hopeandjusticefoundation.com\/","logo":{"@type":"ImageObject","inLanguage":"pt-BR","@id":"https:\/\/hopeandjusticefoundation.com\/#\/schema\/logo\/image\/","url":"https:\/\/hopeandjusticefoundation.com\/wp-content\/uploads\/2022\/03\/logo-hope-justice-new.png","contentUrl":"https:\/\/hopeandjusticefoundation.com\/wp-content\/uploads\/2022\/03\/logo-hope-justice-new.png","width":500,"height":500,"caption":"Hope &amp; Justice Foundation"},"image":{"@id":"https:\/\/hopeandjusticefoundation.com\/#\/schema\/logo\/image\/"}}]}},"_links":{"self":[{"href":"https:\/\/hopeandjusticefoundation.com\/pt\/wp-json\/wp\/v2\/pages\/45","targetHints":{"allow":["GET"]}}],"collection":[{"href":"https:\/\/hopeandjusticefoundation.com\/pt\/wp-json\/wp\/v2\/pages"}],"about":[{"href":"https:\/\/hopeandjusticefoundation.com\/pt\/wp-json\/wp\/v2\/types\/page"}],"author":[{"embeddable":true,"href":"https:\/\/hopeandjusticefoundation.com\/pt\/wp-json\/wp\/v2\/users\/1"}],"replies":[{"embeddable":true,"href":"https:\/\/hopeandjusticefoundation.com\/pt\/wp-json\/wp\/v2\/comments?post=45"}],"version-history":[{"count":39,"href":"https:\/\/hopeandjusticefoundation.com\/pt\/wp-json\/wp\/v2\/pages\/45\/revisions"}],"predecessor-version":[{"id":2540,"href":"https:\/\/hopeandjusticefoundation.com\/pt\/wp-json\/wp\/v2\/pages\/45\/revisions\/2540"}],"wp:attachment":[{"href":"https:\/\/hopeandjusticefoundation.com\/pt\/wp-json\/wp\/v2\/media?parent=45"}],"curies":[{"name":"wp","href":"https:\/\/api.w.org\/{rel}","templated":true}]}}